{"id":4072,"date":"2021-04-20T18:12:03","date_gmt":"2021-04-20T18:12:03","guid":{"rendered":"https:\/\/feministaslucidas.org\/?page_id=4072"},"modified":"2024-08-26T16:26:13","modified_gmt":"2024-08-26T16:26:13","slug":"escritos-amigas-de-lucidas","status":"publish","type":"page","link":"https:\/\/feministaslucidas.org\/index.php\/escritos-amigas-de-lucidas\/","title":{"rendered":"Escritos Amigas de L\u00facidas"},"content":{"rendered":"<h2>Escritos Amigas de L\u00facidas<\/h2>\n<style>.wp-show-posts-columns#wpsp-4075 {margin-left: -5em; }.wp-show-posts-columns#wpsp-4075 .wp-show-posts-inner {margin: 0 0 5em 5em; }<\/style><section id=\"wpsp-4075\" class=\" wp-show-posts\" style=\"\"><article class=\" wp-show-posts-single wpsp-clearfix post-5193 post type-post status-publish format-standard hentry category-escritos-de-amigas-de-feministas-lucidas\" itemtype=\"http:\/\/schema.org\/CreativeWork\" itemscope><div class=\"wp-show-posts-inner\" style=\"\">\t\t\t\t\t\t<header class=\"wp-show-posts-entry-header\">\n\t\t\t\t\t\t\t<h4 class=\"wp-show-posts-entry-title\" itemprop=\"headline\"><a href=\"https:\/\/feministaslucidas.org\/index.php\/2026\/01\/21\/genealogia-femenina\/\" rel=\"bookmark\">Genealog\u00eda femenina materna de los espacios para la vida<\/a><\/h4><div class=\"wp-show-posts-entry-meta wp-show-posts-entry-meta-below-title post-meta-inline\"><span class=\"wp-show-posts-posted-on wp-show-posts-meta\">\n\t\t\t\t\t<a href=\"https:\/\/feministaslucidas.org\/index.php\/2026\/01\/21\/genealogia-femenina\/\" title=\"18:00\" rel=\"bookmark\"><time class=\"wp-show-posts-entry-date published\" datetime=\"2026-01-21T18:00:04+00:00\" itemprop=\"datePublished\">21 enero 2026<\/time><time class=\"wp-show-posts-updated\" datetime=\"2026-01-21T18:31:34+00:00\" itemprop=\"dateModified\">21 enero 2026<\/time><\/a>\n\t\t\t\t<\/span><\/div>\t\t\t\t\t\t<\/header><!-- .entry-header -->\n\t\t\t\t\t\t\t\t\t\t\t<div class=\"wp-show-posts-entry-summary\" itemprop=\"text\">\n\t\t\t\t\t\t\t\t\t\t\t\t\t<\/div><!-- .entry-summary -->\n\t\t\t\t\t<div class=\"wpsp-read-more\"><a title=\"Genealog\u00eda femenina materna de los espacios para la vida\" class=\"wp-show-posts-read-more\" href=\"https:\/\/feministaslucidas.org\/index.php\/2026\/01\/21\/genealogia-femenina\/\">Leer m\u00e1s<\/a><\/div><\/div><!-- wp-show-posts-inner --><div class=\"wpsp-clear\"><\/div><\/article><article class=\" wp-show-posts-single wpsp-clearfix post-5183 post type-post status-publish format-standard hentry category-escritos-de-amigas-de-feministas-lucidas\" itemtype=\"http:\/\/schema.org\/CreativeWork\" itemscope><div class=\"wp-show-posts-inner\" style=\"\">\t\t\t\t\t\t<header class=\"wp-show-posts-entry-header\">\n\t\t\t\t\t\t\t<h4 class=\"wp-show-posts-entry-title\" itemprop=\"headline\"><a href=\"https:\/\/feministaslucidas.org\/index.php\/2025\/10\/30\/manifiestos\/\" rel=\"bookmark\">Manifiestos<\/a><\/h4><div class=\"wp-show-posts-entry-meta wp-show-posts-entry-meta-below-title post-meta-inline\"><span class=\"wp-show-posts-posted-on wp-show-posts-meta\">\n\t\t\t\t\t<a href=\"https:\/\/feministaslucidas.org\/index.php\/2025\/10\/30\/manifiestos\/\" title=\"18:44\" rel=\"bookmark\"><time class=\"wp-show-posts-entry-date published\" datetime=\"2025-10-30T18:44:46+00:00\" itemprop=\"datePublished\">30 octubre 2025<\/time><\/a>\n\t\t\t\t<\/span><\/div>\t\t\t\t\t\t<\/header><!-- .entry-header -->\n\t\t\t\t\t\t\t\t\t\t\t<div class=\"wp-show-posts-entry-summary\" itemprop=\"text\">\n\t\t\t\t\t\t\t\t\t\t\t\t\t<\/div><!-- .entry-summary -->\n\t\t\t\t\t<div class=\"wpsp-read-more\"><a title=\"Manifiestos\" class=\"wp-show-posts-read-more\" href=\"https:\/\/feministaslucidas.org\/index.php\/2025\/10\/30\/manifiestos\/\">Leer m\u00e1s<\/a><\/div><\/div><!-- wp-show-posts-inner --><div class=\"wpsp-clear\"><\/div><\/article><article class=\" wp-show-posts-single wpsp-clearfix post-4827 post type-post status-publish format-standard has-post-thumbnail hentry category-escritos-de-amigas-de-feministas-lucidas tag-carla-lonzi tag-libertad-femenina tag-mujer-clitorica tag-placer-femenino\" itemtype=\"http:\/\/schema.org\/CreativeWork\" itemscope><div class=\"wp-show-posts-inner\" style=\"\">\t\t<div class=\"wp-show-posts-image  wpsp-image-left \">\n\t\t\t<a href=\"https:\/\/feministaslucidas.org\/index.php\/2023\/12\/20\/un-grito-para-un-despertar-macarena-rubilar-campos\/\"  title=\"Un grito para un despertar. Macarena Rubilar Campos*\">\t\t\t\t\t<img decoding=\"async\" src=\"https:\/\/feministaslucidas.org\/wp-content\/uploads\/2023\/12\/IMG-20231218-WA0014-e1703083690421-150x150.jpg\" alt=\"Un grito para un despertar. Macarena Rubilar Campos*\" itemprop=\"image\" class=\"left\" \/>\n\t\t\t\t<\/a>\t\t<\/div>\n\t\t\t\t\t\t\t\t<header class=\"wp-show-posts-entry-header\">\n\t\t\t\t\t\t\t<h4 class=\"wp-show-posts-entry-title\" itemprop=\"headline\"><a href=\"https:\/\/feministaslucidas.org\/index.php\/2023\/12\/20\/un-grito-para-un-despertar-macarena-rubilar-campos\/\" rel=\"bookmark\">Un grito para un despertar. Macarena Rubilar Campos*<\/a><\/h4><div class=\"wp-show-posts-entry-meta wp-show-posts-entry-meta-below-title post-meta-inline\"><span class=\"wp-show-posts-posted-on wp-show-posts-meta\">\n\t\t\t\t\t<a href=\"https:\/\/feministaslucidas.org\/index.php\/2023\/12\/20\/un-grito-para-un-despertar-macarena-rubilar-campos\/\" title=\"14:49\" rel=\"bookmark\"><time class=\"wp-show-posts-entry-date published\" datetime=\"2023-12-20T14:49:59+00:00\" itemprop=\"datePublished\">20 diciembre 2023<\/time><\/a>\n\t\t\t\t<\/span><\/div>\t\t\t\t\t\t<\/header><!-- .entry-header -->\n\t\t\t\t\t\t\t\t\t\t\t<div class=\"wp-show-posts-entry-summary\" itemprop=\"text\">\n\t\t\t\t\t\t\t<p>La joven sinti\u00f3 que apenas hab\u00eda cerrado los ojos, cuando comenz\u00f3 a escuchar un canto que se iba acercando: \u201cTu cl\u00edtoris, tan celosamente guardado, te lo arrancar\u00e9 y lo tirar\u00e9 al suelo, porque hoy soy un hombre. Mi coraz\u00f3n est\u00e1 hecho de piedra; \u00bfde qu\u00e9 otra manera podr\u00eda operarte?\u201d Exaltada&#8230;<\/p>\n\t\t\t\t\t\t<\/div><!-- .entry-summary -->\n\t\t\t\t\t<div class=\"wpsp-read-more\"><a title=\"Un grito para un despertar. Macarena Rubilar Campos*\" class=\"wp-show-posts-read-more\" href=\"https:\/\/feministaslucidas.org\/index.php\/2023\/12\/20\/un-grito-para-un-despertar-macarena-rubilar-campos\/\">Leer m\u00e1s<\/a><\/div><\/div><!-- wp-show-posts-inner --><div class=\"wpsp-clear\"><\/div><\/article><article class=\" wp-show-posts-single wpsp-clearfix post-4812 post type-post status-publish format-standard has-post-thumbnail hentry category-escritos-de-amigas-de-feministas-lucidas tag-guerra tag-mujeres tag-necrofilia tag-patria tag-vida\" itemtype=\"http:\/\/schema.org\/CreativeWork\" itemscope><div class=\"wp-show-posts-inner\" style=\"\">\t\t<div class=\"wp-show-posts-image  wpsp-image-left \">\n\t\t\t<a href=\"https:\/\/feministaslucidas.org\/index.php\/2023\/10\/13\/las-mujeres-estamos-de-luto-por-ilse-barahona-michel\/\"  title=\"Las mujeres estamos de luto. Por Ilse Barahona Michel\">\t\t\t\t\t<img decoding=\"async\" src=\"https:\/\/feministaslucidas.org\/wp-content\/uploads\/2023\/10\/Ilse.Barahona-e1697238559742-150x150.png\" alt=\"Las mujeres estamos de luto. Por Ilse Barahona Michel\" itemprop=\"image\" class=\"left\" \/>\n\t\t\t\t<\/a>\t\t<\/div>\n\t\t\t\t\t\t\t\t<header class=\"wp-show-posts-entry-header\">\n\t\t\t\t\t\t\t<h4 class=\"wp-show-posts-entry-title\" itemprop=\"headline\"><a href=\"https:\/\/feministaslucidas.org\/index.php\/2023\/10\/13\/las-mujeres-estamos-de-luto-por-ilse-barahona-michel\/\" rel=\"bookmark\">Las mujeres estamos de luto. Por Ilse Barahona Michel<\/a><\/h4><div class=\"wp-show-posts-entry-meta wp-show-posts-entry-meta-below-title post-meta-inline\"><span class=\"wp-show-posts-posted-on wp-show-posts-meta\">\n\t\t\t\t\t<a href=\"https:\/\/feministaslucidas.org\/index.php\/2023\/10\/13\/las-mujeres-estamos-de-luto-por-ilse-barahona-michel\/\" title=\"23:16\" rel=\"bookmark\"><time class=\"wp-show-posts-entry-date published\" datetime=\"2023-10-13T23:16:39+00:00\" itemprop=\"datePublished\">13 octubre 2023<\/time><\/a>\n\t\t\t\t<\/span><\/div>\t\t\t\t\t\t<\/header><!-- .entry-header -->\n\t\t\t\t\t\t\t\t\t\t\t<div class=\"wp-show-posts-entry-summary\" itemprop=\"text\">\n\t\t\t\t\t\t\t<p>Al amanecer del domingo, mi cuerpo ha registrado un fr\u00edo estremecimiento, me he sentido por un momento sin aire al ver la miseria de los hombres en su forma m\u00e1s desencarnada: la guerra. Los medios y la gente hablan de un bando y del otro, qui\u00e9n tiene m\u00e1s \u201cderecho\u201d o&#8230;<\/p>\n\t\t\t\t\t\t<\/div><!-- .entry-summary -->\n\t\t\t\t\t<div class=\"wpsp-read-more\"><a title=\"Las mujeres estamos de luto. Por Ilse Barahona Michel\" class=\"wp-show-posts-read-more\" href=\"https:\/\/feministaslucidas.org\/index.php\/2023\/10\/13\/las-mujeres-estamos-de-luto-por-ilse-barahona-michel\/\">Leer m\u00e1s<\/a><\/div><\/div><!-- wp-show-posts-inner --><div class=\"wpsp-clear\"><\/div><\/article><article class=\" wp-show-posts-single wpsp-clearfix post-4810 post type-post status-publish format-standard has-post-thumbnail hentry category-escritos-de-amigas-de-feministas-lucidas tag-escritura-femenina tag-feminismo-radical-de-la-diferencia tag-incitada tag-politica-de-las-mujeres\" itemtype=\"http:\/\/schema.org\/CreativeWork\" itemscope><div class=\"wp-show-posts-inner\" style=\"\">\t\t<div class=\"wp-show-posts-image  wpsp-image-left \">\n\t\t\t<a href=\"https:\/\/feministaslucidas.org\/index.php\/2023\/09\/06\/segundo-comentario-al-leer-incitada-por-camila-antonia\/\"  title=\"Segundo comentario al leer \u201cIncitada\u201d. Por Camila Antonia.\">\t\t\t\t\t<img decoding=\"async\" src=\"https:\/\/feministaslucidas.org\/wp-content\/uploads\/2020\/11\/1561074650662-150x150.jpg\" alt=\"Segundo comentario al leer \u201cIncitada\u201d. Por Camila Antonia.\" itemprop=\"image\" class=\"left\" \/>\n\t\t\t\t<\/a>\t\t<\/div>\n\t\t\t\t\t\t\t\t<header class=\"wp-show-posts-entry-header\">\n\t\t\t\t\t\t\t<h4 class=\"wp-show-posts-entry-title\" itemprop=\"headline\"><a href=\"https:\/\/feministaslucidas.org\/index.php\/2023\/09\/06\/segundo-comentario-al-leer-incitada-por-camila-antonia\/\" rel=\"bookmark\">Segundo comentario al leer \u201cIncitada\u201d. Por Camila Antonia.<\/a><\/h4><div class=\"wp-show-posts-entry-meta wp-show-posts-entry-meta-below-title post-meta-inline\"><span class=\"wp-show-posts-posted-on wp-show-posts-meta\">\n\t\t\t\t\t<a href=\"https:\/\/feministaslucidas.org\/index.php\/2023\/09\/06\/segundo-comentario-al-leer-incitada-por-camila-antonia\/\" title=\"13:55\" rel=\"bookmark\"><time class=\"wp-show-posts-entry-date published\" datetime=\"2023-09-06T13:55:15+00:00\" itemprop=\"datePublished\">6 septiembre 2023<\/time><\/a>\n\t\t\t\t<\/span><\/div>\t\t\t\t\t\t<\/header><!-- .entry-header -->\n\t\t\t\t\t\t\t\t\t\t\t<div class=\"wp-show-posts-entry-summary\" itemprop=\"text\">\n\t\t\t\t\t\t\t<p>Incitada es como un poema largo y es profundo como tu vida que despierta en m\u00ed las ganas de escribir y escribirte Incitada es una pr\u00e1ctica pol\u00edtica entre flores entre ra\u00edces Es Incitada una palabra hermosa que traes a nuestras bocas la escribes para que la leamos y nos llene&#8230;<\/p>\n\t\t\t\t\t\t<\/div><!-- .entry-summary -->\n\t\t\t\t\t<div class=\"wpsp-read-more\"><a title=\"Segundo comentario al leer \u201cIncitada\u201d. Por Camila Antonia.\" class=\"wp-show-posts-read-more\" href=\"https:\/\/feministaslucidas.org\/index.php\/2023\/09\/06\/segundo-comentario-al-leer-incitada-por-camila-antonia\/\">Leer m\u00e1s<\/a><\/div><\/div><!-- wp-show-posts-inner --><div class=\"wpsp-clear\"><\/div><\/article><article class=\" wp-show-posts-single wpsp-clearfix post-4807 post type-post status-publish format-standard has-post-thumbnail hentry category-escritos-de-amigas-de-feministas-lucidas tag-escritura-femenina tag-feminismo-radical-de-la-diferencia tag-incitada tag-politica-de-las-mujeres\" itemtype=\"http:\/\/schema.org\/CreativeWork\" itemscope><div class=\"wp-show-posts-inner\" style=\"\">\t\t<div class=\"wp-show-posts-image  wpsp-image-left \">\n\t\t\t<a href=\"https:\/\/feministaslucidas.org\/index.php\/2023\/09\/04\/incitada-una-resena-de-domenica-francke-arjel\/\"  title=\"\u00abIncitada\u00bb: una rese\u00f1a de Dom\u00e9nica Francke-Arjel\">\t\t\t\t\t<img decoding=\"async\" src=\"https:\/\/feministaslucidas.org\/wp-content\/uploads\/2021\/09\/dome-150x150.png\" alt=\"\u00abIncitada\u00bb: una rese\u00f1a de Dom\u00e9nica Francke-Arjel\" itemprop=\"image\" class=\"left\" \/>\n\t\t\t\t<\/a>\t\t<\/div>\n\t\t\t\t\t\t\t\t<header class=\"wp-show-posts-entry-header\">\n\t\t\t\t\t\t\t<h4 class=\"wp-show-posts-entry-title\" itemprop=\"headline\"><a href=\"https:\/\/feministaslucidas.org\/index.php\/2023\/09\/04\/incitada-una-resena-de-domenica-francke-arjel\/\" rel=\"bookmark\">\u00abIncitada\u00bb: una rese\u00f1a de Dom\u00e9nica Francke-Arjel<\/a><\/h4><div class=\"wp-show-posts-entry-meta wp-show-posts-entry-meta-below-title post-meta-inline\"><span class=\"wp-show-posts-posted-on wp-show-posts-meta\">\n\t\t\t\t\t<a href=\"https:\/\/feministaslucidas.org\/index.php\/2023\/09\/04\/incitada-una-resena-de-domenica-francke-arjel\/\" title=\"00:26\" rel=\"bookmark\"><time class=\"wp-show-posts-entry-date published\" datetime=\"2023-09-04T00:26:42+00:00\" itemprop=\"datePublished\">4 septiembre 2023<\/time><\/a>\n\t\t\t\t<\/span><\/div>\t\t\t\t\t\t<\/header><!-- .entry-header -->\n\t\t\t\t\t\t\t\t\t\t\t<div class=\"wp-show-posts-entry-summary\" itemprop=\"text\">\n\t\t\t\t\t\t\t<p>Un precioso hilo que se suma al tejido de la libertad femenina, hoy por fin podemos tocar este hilo, retornado en la antigua y m\u00e1gica forma de libro. Este libro es la primera antolog\u00eda del pensamiento de mi amiga y maestra Andrea Franulic Depix, feminista de la diferencia sexual radical&#8230;.<\/p>\n\t\t\t\t\t\t<\/div><!-- .entry-summary -->\n\t\t\t\t\t<div class=\"wpsp-read-more\"><a title=\"\u00abIncitada\u00bb: una rese\u00f1a de Dom\u00e9nica Francke-Arjel\" class=\"wp-show-posts-read-more\" href=\"https:\/\/feministaslucidas.org\/index.php\/2023\/09\/04\/incitada-una-resena-de-domenica-francke-arjel\/\">Leer m\u00e1s<\/a><\/div><\/div><!-- wp-show-posts-inner --><div class=\"wpsp-clear\"><\/div><\/article><article class=\" wp-show-posts-single wpsp-clearfix post-4805 post type-post status-publish format-standard has-post-thumbnail hentry category-escritos-de-amigas-de-feministas-lucidas tag-escritura-femenina tag-feminismo-radical-de-la-diferencia tag-incitada tag-politica-de-las-mujeres\" itemtype=\"http:\/\/schema.org\/CreativeWork\" itemscope><div class=\"wp-show-posts-inner\" style=\"\">\t\t<div class=\"wp-show-posts-image  wpsp-image-left \">\n\t\t\t<a href=\"https:\/\/feministaslucidas.org\/index.php\/2023\/08\/31\/incitada-2da-edicion-impresa-de-2023-un-comentario-de-marisol-torres-jimenez\/\"  title=\"\u201cIncitada\u201d (2da. Edici\u00f3n, impresa) de 2023. Un comentario de Marisol Torres Jim\u00e9nez.\">\t\t\t\t\t<img decoding=\"async\" src=\"https:\/\/feministaslucidas.org\/wp-content\/uploads\/2022\/05\/marisol-150x150.jpg\" alt=\"\u201cIncitada\u201d (2da. Edici\u00f3n, impresa) de 2023. Un comentario de Marisol Torres Jim\u00e9nez.\" itemprop=\"image\" class=\"left\" \/>\n\t\t\t\t<\/a>\t\t<\/div>\n\t\t\t\t\t\t\t\t<header class=\"wp-show-posts-entry-header\">\n\t\t\t\t\t\t\t<h4 class=\"wp-show-posts-entry-title\" itemprop=\"headline\"><a href=\"https:\/\/feministaslucidas.org\/index.php\/2023\/08\/31\/incitada-2da-edicion-impresa-de-2023-un-comentario-de-marisol-torres-jimenez\/\" rel=\"bookmark\">\u201cIncitada\u201d (2da. Edici\u00f3n, impresa) de 2023. Un comentario de Marisol Torres Jim\u00e9nez.<\/a><\/h4><div class=\"wp-show-posts-entry-meta wp-show-posts-entry-meta-below-title post-meta-inline\"><span class=\"wp-show-posts-posted-on wp-show-posts-meta\">\n\t\t\t\t\t<a href=\"https:\/\/feministaslucidas.org\/index.php\/2023\/08\/31\/incitada-2da-edicion-impresa-de-2023-un-comentario-de-marisol-torres-jimenez\/\" title=\"16:12\" rel=\"bookmark\"><time class=\"wp-show-posts-entry-date published\" datetime=\"2023-08-31T16:12:23+00:00\" itemprop=\"datePublished\">31 agosto 2023<\/time><time class=\"wp-show-posts-updated\" datetime=\"2023-09-06T13:46:41+00:00\" itemprop=\"dateModified\">6 septiembre 2023<\/time><\/a>\n\t\t\t\t<\/span><\/div>\t\t\t\t\t\t<\/header><!-- .entry-header -->\n\t\t\t\t\t\t\t\t\t\t\t<div class=\"wp-show-posts-entry-summary\" itemprop=\"text\">\n\t\t\t\t\t\t\t<p>Hola, buenas tardes a todas \u00a1qu\u00e9 gusto y alegr\u00eda siento al estar aqu\u00ed con ustedes! Agradezco a Andrea, por pensar y confiar en m\u00ed como una de sus convidadas para comentar en el lanzamiento de su libro Incitada, en su segunda edici\u00f3n, que esta vez viene sostenido en la materia,&#8230;<\/p>\n\t\t\t\t\t\t<\/div><!-- .entry-summary -->\n\t\t\t\t\t<div class=\"wpsp-read-more\"><a title=\"\u201cIncitada\u201d (2da. Edici\u00f3n, impresa) de 2023. Un comentario de Marisol Torres Jim\u00e9nez.\" class=\"wp-show-posts-read-more\" href=\"https:\/\/feministaslucidas.org\/index.php\/2023\/08\/31\/incitada-2da-edicion-impresa-de-2023-un-comentario-de-marisol-torres-jimenez\/\">Leer m\u00e1s<\/a><\/div><\/div><!-- wp-show-posts-inner --><div class=\"wpsp-clear\"><\/div><\/article><article class=\" wp-show-posts-single wpsp-clearfix post-4719 post type-post status-publish format-standard hentry category-escritos-de-amigas-de-feministas-lucidas tag-ex-orbita tag-feminismo-radical tag-filosofia-feminista-elemental tag-libertad-femenina tag-mary-daly\" itemtype=\"http:\/\/schema.org\/CreativeWork\" itemscope><div class=\"wp-show-posts-inner\" style=\"\">\t\t\t\t\t\t<header class=\"wp-show-posts-entry-header\">\n\t\t\t\t\t\t\t<h4 class=\"wp-show-posts-entry-title\" itemprop=\"headline\"><a href=\"https:\/\/feministaslucidas.org\/index.php\/2023\/02\/04\/a-proposito-de-los-encuentros-intergalacticos-en-torno-a-ex-orbita-de-mary-daly\/\" rel=\"bookmark\">A prop\u00f3sito de los Encuentros Intergal\u00e1cticos en torno a Ex\/\u00d3rbita de Mary Daly.<\/a><\/h4><div class=\"wp-show-posts-entry-meta wp-show-posts-entry-meta-below-title post-meta-inline\"><span class=\"wp-show-posts-posted-on wp-show-posts-meta\">\n\t\t\t\t\t<a href=\"https:\/\/feministaslucidas.org\/index.php\/2023\/02\/04\/a-proposito-de-los-encuentros-intergalacticos-en-torno-a-ex-orbita-de-mary-daly\/\" title=\"00:38\" rel=\"bookmark\"><time class=\"wp-show-posts-entry-date published\" datetime=\"2023-02-04T00:38:03+00:00\" itemprop=\"datePublished\">4 febrero 2023<\/time><time class=\"wp-show-posts-updated\" datetime=\"2023-02-04T14:06:11+00:00\" itemprop=\"dateModified\">4 febrero 2023<\/time><\/a>\n\t\t\t\t<\/span><\/div>\t\t\t\t\t\t<\/header><!-- .entry-header -->\n\t\t\t\t\t\t\t\t\t\t\t<div class=\"wp-show-posts-entry-summary\" itemprop=\"text\">\n\t\t\t\t\t\t\t<p>*La autora de este texto ha preferido preservar el anonimato. Queridas Comadres: Os escribo estas l\u00edneas porque he sentido el impulso de contaros una historia (mi Historia), en la que hab\u00e9is tomado parte de forma relevante durante este \u00faltimo a\u00f1o. Llevaba mucho tiempo perdida. Durante toda mi vida un terco&#8230;<\/p>\n\t\t\t\t\t\t<\/div><!-- .entry-summary -->\n\t\t\t\t\t<div class=\"wpsp-read-more\"><a title=\"A prop\u00f3sito de los Encuentros Intergal\u00e1cticos en torno a Ex\/\u00d3rbita de Mary Daly.\" class=\"wp-show-posts-read-more\" href=\"https:\/\/feministaslucidas.org\/index.php\/2023\/02\/04\/a-proposito-de-los-encuentros-intergalacticos-en-torno-a-ex-orbita-de-mary-daly\/\">Leer m\u00e1s<\/a><\/div><\/div><!-- wp-show-posts-inner --><div class=\"wpsp-clear\"><\/div><\/article><article class=\" wp-show-posts-single wpsp-clearfix post-4671 post type-post status-publish format-standard has-post-thumbnail hentry category-escritos-de-amigas-de-feministas-lucidas tag-ex-orbita tag-feminista-radical tag-filosofia-feminista-elemental tag-mary-daly\" itemtype=\"http:\/\/schema.org\/CreativeWork\" itemscope><div class=\"wp-show-posts-inner\" style=\"\">\t\t<div class=\"wp-show-posts-image  wpsp-image-left \">\n\t\t\t<a href=\"https:\/\/feministaslucidas.org\/index.php\/2022\/10\/25\/primera-galaxia-espiral-ser-hablando-momentos-de-profecia-y-promesa\/\"  title=\"Primera Galaxia Espiral Ser &#8211; Hablando: Momentos de Profec\u00eda y Promesa\">\t\t\t\t\t<img decoding=\"async\" src=\"https:\/\/feministaslucidas.org\/wp-content\/uploads\/2022\/06\/ExOrbita_MaryDaly-150x150.png\" alt=\"Primera Galaxia Espiral Ser &#8211; Hablando: Momentos de Profec\u00eda y Promesa\" itemprop=\"image\" class=\"left\" \/>\n\t\t\t\t<\/a>\t\t<\/div>\n\t\t\t\t\t\t\t\t<header class=\"wp-show-posts-entry-header\">\n\t\t\t\t\t\t\t<h4 class=\"wp-show-posts-entry-title\" itemprop=\"headline\"><a href=\"https:\/\/feministaslucidas.org\/index.php\/2022\/10\/25\/primera-galaxia-espiral-ser-hablando-momentos-de-profecia-y-promesa\/\" rel=\"bookmark\">Primera Galaxia Espiral Ser &#8211; Hablando: Momentos de Profec\u00eda y Promesa<\/a><\/h4><div class=\"wp-show-posts-entry-meta wp-show-posts-entry-meta-below-title post-meta-inline\"><span class=\"wp-show-posts-posted-on wp-show-posts-meta\">\n\t\t\t\t\t<a href=\"https:\/\/feministaslucidas.org\/index.php\/2022\/10\/25\/primera-galaxia-espiral-ser-hablando-momentos-de-profecia-y-promesa\/\" title=\"16:32\" rel=\"bookmark\"><time class=\"wp-show-posts-entry-date published\" datetime=\"2022-10-25T16:32:05+00:00\" itemprop=\"datePublished\">25 octubre 2022<\/time><\/a>\n\t\t\t\t<\/span><\/div>\t\t\t\t\t\t<\/header><!-- .entry-header -->\n\t\t\t\t\t\t\t\t\t\t\t<div class=\"wp-show-posts-entry-summary\" itemprop=\"text\">\n\t\t\t\t\t\t\t<p>Por Ana Ma\u00f1eru M\u00e9ndez Gracias por aceptar la invitaci\u00f3n de las Feministas L\u00facidas y de Sabina editorial para dialogar y compartir los hallazgos que vamos haciendo cada una en Ex\/\u00d3rbita. Un Viaje Deslumbrante,de Mary Daly. Ella Es-siendo una feminista radical que ha empe\u00f1ado su vida en nombrar y mostrarnos un&#8230;<\/p>\n\t\t\t\t\t\t<\/div><!-- .entry-summary -->\n\t\t\t\t\t<div class=\"wpsp-read-more\"><a title=\"Primera Galaxia Espiral Ser &#8211; Hablando: Momentos de Profec\u00eda y Promesa\" class=\"wp-show-posts-read-more\" href=\"https:\/\/feministaslucidas.org\/index.php\/2022\/10\/25\/primera-galaxia-espiral-ser-hablando-momentos-de-profecia-y-promesa\/\">Leer m\u00e1s<\/a><\/div><\/div><!-- wp-show-posts-inner --><div class=\"wpsp-clear\"><\/div><\/article><article class=\" wp-show-posts-single wpsp-clearfix post-4599 post type-post status-publish format-standard has-post-thumbnail hentry category-escritos-de-amigas-de-feministas-lucidas tag-amigas tag-lesbianas tag-mujeres\" itemtype=\"http:\/\/schema.org\/CreativeWork\" itemscope><div class=\"wp-show-posts-inner\" style=\"\">\t\t<div class=\"wp-show-posts-image  wpsp-image-left \">\n\t\t\t<a href=\"https:\/\/feministaslucidas.org\/index.php\/2022\/07\/24\/corriente-de-sentires-maria-jose-blanco\/\"  title=\"Corriente de Sentires. Mar\u00eda Jos\u00e9 Blanco\">\t\t\t\t\t<img decoding=\"async\" src=\"https:\/\/feministaslucidas.org\/wp-content\/uploads\/2022\/07\/maria-jose-150x150.jpg\" alt=\"Corriente de Sentires. Mar\u00eda Jos\u00e9 Blanco\" itemprop=\"image\" class=\"left\" \/>\n\t\t\t\t<\/a>\t\t<\/div>\n\t\t\t\t\t\t\t\t<header class=\"wp-show-posts-entry-header\">\n\t\t\t\t\t\t\t<h4 class=\"wp-show-posts-entry-title\" itemprop=\"headline\"><a href=\"https:\/\/feministaslucidas.org\/index.php\/2022\/07\/24\/corriente-de-sentires-maria-jose-blanco\/\" rel=\"bookmark\">Corriente de Sentires. Mar\u00eda Jos\u00e9 Blanco<\/a><\/h4><div class=\"wp-show-posts-entry-meta wp-show-posts-entry-meta-below-title post-meta-inline\"><span class=\"wp-show-posts-posted-on wp-show-posts-meta\">\n\t\t\t\t\t<a href=\"https:\/\/feministaslucidas.org\/index.php\/2022\/07\/24\/corriente-de-sentires-maria-jose-blanco\/\" title=\"20:29\" rel=\"bookmark\"><time class=\"wp-show-posts-entry-date published\" datetime=\"2022-07-24T20:29:20+00:00\" itemprop=\"datePublished\">24 julio 2022<\/time><time class=\"wp-show-posts-updated\" datetime=\"2022-09-20T20:44:38+00:00\" itemprop=\"dateModified\">20 septiembre 2022<\/time><\/a>\n\t\t\t\t<\/span><\/div>\t\t\t\t\t\t<\/header><!-- .entry-header -->\n\t\t\t\t\t\t\t\t\t\t\t<div class=\"wp-show-posts-entry-summary\" itemprop=\"text\">\n\t\t\t\t\t\t\t<p>\u00abSomos lesbianas por opci\u00f3n\u00bb titula la entrevista,y pienso en el momento en que decid\u00ed amarte-amarme m\u00e1s que a nadie.Tomar tu mano pese a todo, bailar contiga y armar juntas lesbiandad. Pienso en las ganas intensas de vivir la lesbiandad con las amigas,y armar-amar comunidad hasta viejitas.Viendo la belleza de nuestras&#8230;<\/p>\n\t\t\t\t\t\t<\/div><!-- .entry-summary -->\n\t\t\t\t\t<div class=\"wpsp-read-more\"><a title=\"Corriente de Sentires. Mar\u00eda Jos\u00e9 Blanco\" class=\"wp-show-posts-read-more\" href=\"https:\/\/feministaslucidas.org\/index.php\/2022\/07\/24\/corriente-de-sentires-maria-jose-blanco\/\">Leer m\u00e1s<\/a><\/div><\/div><!-- wp-show-posts-inner --><div class=\"wpsp-clear\"><\/div><\/article><\/section><!-- .wp-show-posts -->\n","protected":false},"excerpt":{"rendered":"<p>Escritos Amigas de L\u00facidas<\/p>\n","protected":false},"author":1,"featured_media":0,"parent":0,"menu_order":0,"comment_status":"closed","ping_status":"closed","template":"","meta":{"_monsterinsights_skip_tracking":false,"_monsterinsights_sitenote_active":false,"_monsterinsights_sitenote_note":"","_monsterinsights_sitenote_category":0,"footnotes":""},"categories":[],"tags":[],"_links":{"self":[{"href":"https:\/\/feministaslucidas.org\/index.php\/wp-json\/wp\/v2\/pages\/4072"}],"collection":[{"href":"https:\/\/feministaslucidas.org\/index.php\/wp-json\/wp\/v2\/pages"}],"about":[{"href":"https:\/\/feministaslucidas.org\/index.php\/wp-json\/wp\/v2\/types\/page"}],"author":[{"embeddable":true,"href":"https:\/\/feministaslucidas.org\/index.php\/wp-json\/wp\/v2\/users\/1"}],"replies":[{"embeddable":true,"href":"https:\/\/feministaslucidas.org\/index.php\/wp-json\/wp\/v2\/comments?post=4072"}],"version-history":[{"count":7,"href":"https:\/\/feministaslucidas.org\/index.php\/wp-json\/wp\/v2\/pages\/4072\/revisions"}],"predecessor-version":[{"id":4969,"href":"https:\/\/feministaslucidas.org\/index.php\/wp-json\/wp\/v2\/pages\/4072\/revisions\/4969"}],"wp:attachment":[{"href":"https:\/\/feministaslucidas.org\/index.php\/wp-json\/wp\/v2\/media?parent=4072"}],"wp:term":[{"taxonomy":"category","embeddable":true,"href":"https:\/\/feministaslucidas.org\/index.php\/wp-json\/wp\/v2\/categories?post=4072"},{"taxonomy":"post_tag","embeddable":true,"href":"https:\/\/feministaslucidas.org\/index.php\/wp-json\/wp\/v2\/tags?post=4072"}],"curies":[{"name":"wp","href":"https:\/\/api.w.org\/{rel}","templated":true}]}}